{"id":4343,"date":"2011-08-07T20:51:55","date_gmt":"2011-08-08T01:21:55","guid":{"rendered":"http:\/\/fotoggrafica.com\/fotobill\/?page_id=4343"},"modified":"2022-02-22T16:17:09","modified_gmt":"2022-02-22T20:17:09","slug":"fotografo-2","status":"publish","type":"page","link":"https:\/\/fotografismos.com\/fotobill\/?page_id=4343","title":{"rendered":"Fot\u00f3grafo"},"content":{"rendered":"<p style=\"text-align: justify;\"><span style=\"color: #000000; font-family: Palatino Linotype;\">Ofreciendo el procesamiento digital de im\u00e1genes bajo la perspectiva Art\u00edstica, Documental\u00a0 y Comercial de la Fotograf\u00eda, somos testigos de un momento \u00fanico e irrepetible capturado para la Eternidad.\u00a0 Testimonio de ello, ustedes, <a href=\"https:\/\/fotografismos.com\/fotobill\/?page_id=4300\">Nuestros Clientes.<\/a><\/span><\/p>\n<p style=\"text-align: justify;\"><span style=\"color: #000000; font-family: Palatino Linotype;\">Con la fotograf\u00eda represento el arte de preservar ese momento, ese instante m\u00e1gico atrapado, y\u00a0 que\u00a0 ilustro con perfecta armon\u00eda el detalle de lo expuesto. <\/span><\/p>\n<p style=\"text-align: justify;\"><span style=\"color: #000000; font-family: Palatino Linotype;\">No capturo ni acumulo el tiempo, pero si\u00a0 puedo capturar y documentar el momento a trav\u00e9s de mis fotos para que puedas revivir tus preciados recuerdos, hacer memoria de ellos o bien estampar el sello de calidad publicitaria de t\u00fa Imagen, Producto y\/o Empresa, todo esto, para que la imagen no sea una Ilusi\u00f3n sino algo Real que perdure para Siempre&#8230;<\/span><\/p>\n<p style=\"text-align: justify;\"><span style=\"color: #000000; font-family: Palatino Linotype;\">Cuidemos\u00a0 nuestro Mundo de Vida.<br \/>\n<\/span><\/p>\n<p style=\"text-align: justify;\"><span style=\"color: #000000; font-family: Palatino Linotype;\">Te saluda,<\/span><\/p>\n<p style=\"text-align: justify;\"><em><span style=\"color: #000000;\"><strong> <span style=\"font-family: Palatino Linotype;\"> <a href=\"mailto:partgio@hotmail.com\">Giovanni Partipilo<\/a><\/span><\/strong><\/span><\/em><\/p>\n<p><span style=\"color: #000000; font-family: Palatino Linotype;\">\u00a0<\/span><\/p>\n<p><span style=\"color: #fbfbfb; font-family: Palatino Linotype;\">La Fotograf\u00eda, por ser una pasi\u00f3n para m\u00ed quiero expresar lo mejor detr\u00e1s del lente, logrando as\u00ed, la excelencia en las tomas\u00a0 y dibujando con la luz los m\u00faltiples colores que reflejan la vida, el momento y la expresi\u00f3n misma.<\/span><\/p>\n<p>&nbsp;<\/p>\n","protected":false},"excerpt":{"rendered":"<p>Ofreciendo el procesamiento digital de im\u00e1genes bajo la perspectiva Art\u00edstica, Documental\u00a0 y Comercial de la Fotograf\u00eda, somos testigos de un momento \u00fanico e irrepetible capturado para la Eternidad.\u00a0 Testimonio de ello, ustedes, Nuestros Clientes. Con la fotograf\u00eda represento el arte &hellip; <a href=\"https:\/\/fotografismos.com\/fotobill\/?page_id=4343\">Sigue leyendo <span class=\"meta-nav\">&rarr;<\/span><\/a><\/p>\n","protected":false},"author":4,"featured_media":0,"parent":4435,"menu_order":1,"comment_status":"closed","ping_status":"closed","template":"","meta":{"footnotes":""},"class_list":["post-4343","page","type-page","status-publish","hentry"],"_links":{"self":[{"href":"https:\/\/fotografismos.com\/fotobill\/index.php?rest_route=\/wp\/v2\/pages\/4343","targetHints":{"allow":["GET"]}}],"collection":[{"href":"https:\/\/fotografismos.com\/fotobill\/index.php?rest_route=\/wp\/v2\/pages"}],"about":[{"href":"https:\/\/fotografismos.com\/fotobill\/index.php?rest_route=\/wp\/v2\/types\/page"}],"author":[{"embeddable":true,"href":"https:\/\/fotografismos.com\/fotobill\/index.php?rest_route=\/wp\/v2\/users\/4"}],"replies":[{"embeddable":true,"href":"https:\/\/fotografismos.com\/fotobill\/index.php?rest_route=%2Fwp%2Fv2%2Fcomments&post=4343"}],"version-history":[{"count":8,"href":"https:\/\/fotografismos.com\/fotobill\/index.php?rest_route=\/wp\/v2\/pages\/4343\/revisions"}],"predecessor-version":[{"id":121796,"href":"https:\/\/fotografismos.com\/fotobill\/index.php?rest_route=\/wp\/v2\/pages\/4343\/revisions\/121796"}],"up":[{"embeddable":true,"href":"https:\/\/fotografismos.com\/fotobill\/index.php?rest_route=\/wp\/v2\/pages\/4435"}],"wp:attachment":[{"href":"https:\/\/fotografismos.com\/fotobill\/index.php?rest_route=%2Fwp%2Fv2%2Fmedia&parent=4343"}],"curies":[{"name":"wp","href":"https:\/\/api.w.org\/{rel}","templated":true}]}}